{"id":9855,"date":"2026-01-14T16:31:16","date_gmt":"2026-01-14T15:31:16","guid":{"rendered":"https:\/\/cidai.eu\/esdeveniments\/presentacion-del-libro-blanco-de-la-ia-aplicada-a-la-logistica-en-cataluna\/"},"modified":"2026-04-15T11:25:10","modified_gmt":"2026-04-15T09:25:10","slug":"presentacion-del-libro-blanco-de-la-ia-aplicada-a-la-logistica-en-cataluna","status":"publish","type":"esdeveniment","link":"https:\/\/cidai.eu\/es\/eventos\/presentacion-del-libro-blanco-de-la-ia-aplicada-a-la-logistica-en-cataluna\/","title":{"rendered":"Presentaci\u00f3n del Libro Blanco sobre la IA aplicada al sector de la Log\u00edstica en Catalu\u00f1a"},"content":{"rendered":"<p><strong>El sector de la log\u00edstica es hoy un \u00e1mbito estrat\u00e9gico para la econom\u00eda y la competitividad empresarial. En Catalu\u00f1a, con un peso cercano al 11% del PIB, afronta una transformaci\u00f3n profunda marcada por el crecimiento del comercio electr\u00f3nico, la complejidad de las cadenas de suministro, las exigencias de sostenibilidad y un contexto global cada vez m\u00e1s incierto.<\/strong>\u00a0Este escenario pone de manifiesto la necesidad de evolucionar hacia modelos log\u00edsticos m\u00e1s eficientes, flexibles y resilientes.<\/p>\n<p><strong>En este contexto, las tecnolog\u00edas basadas en datos y la inteligencia artificial se convierten en una palanca clave para impulsar una log\u00edstica m\u00e1s \u00e1gil, predictiva y conectada<\/strong>. La IA ofrece nuevas capacidades para mejorar la planificaci\u00f3n, optimizar el transporte y la \u00faltima milla, reforzar la resiliencia operativa y avanzar hacia una log\u00edstica m\u00e1s sostenible.<\/p>\n<p><strong>Con este objetivo, desde el CIDAI, se ha elaborado el Libro Blanco sobre la Inteligencia Artificial aplicada al sector de la Log\u00edstica en Catalu\u00f1a, un documento que analiza los principales retos, tendencias y barreras del sector e identifica oportunidades y actuaciones prioritarias para acelerar la adopci\u00f3n de la IA.<\/strong>\u00a0El Libro Blanco se ha construido a partir de entrevistas con expertos, sesiones de reflexi\u00f3n colectiva y un an\u00e1lisis t\u00e9cnico riguroso.<\/p>\n","protected":false},"excerpt":{"rendered":"<p>El sector de la log\u00edstica es hoy un \u00e1mbito estrat\u00e9gico para la econom\u00eda y la competitividad empresarial. En Catalu\u00f1a, con un peso cercano al 11% [&#8230;]<\/p>\n","protected":false},"featured_media":9839,"template":"","meta":{"_acf_changed":false,"footnotes":""},"class_list":["post-9855","esdeveniment","type-esdeveniment","status-publish","has-post-thumbnail","hentry","format-virtual-es","idioma-catalan-es"],"acf":[],"yoast_head":"<!-- This site is optimized with the Yoast SEO plugin v28.4 - https:\/\/yoast.com\/product\/yoast-seo-wordpress\/ -->\n<title>Presentaci\u00f3n del Libro Blanco sobre la IA aplicada al sector de la Log\u00edstica en Catalu\u00f1a - CIDAI<\/title>\n<meta name=\"robots\" content=\"index, follow, max-snippet:-1, max-image-preview:large, max-video-preview:-1\" \/>\n<link rel=\"canonical\" href=\"https:\/\/cidai.eu\/es\/eventos\/presentacion-del-libro-blanco-de-la-ia-aplicada-a-la-logistica-en-cataluna\/\" \/>\n<meta property=\"og:locale\" content=\"es_ES\" \/>\n<meta property=\"og:type\" content=\"article\" \/>\n<meta property=\"og:title\" content=\"Presentaci\u00f3n del Libro Blanco sobre la IA aplicada al sector de la Log\u00edstica en Catalu\u00f1a - CIDAI\" \/>\n<meta property=\"og:description\" content=\"El sector de la log\u00edstica es hoy un \u00e1mbito estrat\u00e9gico para la econom\u00eda y la competitividad empresarial. En Catalu\u00f1a, con un peso cercano al 11% [...]\" \/>\n<meta property=\"og:url\" content=\"https:\/\/cidai.eu\/es\/eventos\/presentacion-del-libro-blanco-de-la-ia-aplicada-a-la-logistica-en-cataluna\/\" \/>\n<meta property=\"og:site_name\" content=\"CIDAI\" \/>\n<meta property=\"article:modified_time\" content=\"2026-04-15T09:25:10+00:00\" \/>\n<meta property=\"og:image\" content=\"https:\/\/cidai.eu\/wp-content\/uploads\/2026\/01\/Llibre-Blanc-Industria-WEB.jpg\" \/>\n\t<meta property=\"og:image:width\" content=\"1194\" \/>\n\t<meta property=\"og:image:height\" content=\"709\" \/>\n\t<meta property=\"og:image:type\" content=\"image\/jpeg\" \/>\n<meta name=\"twitter:card\" content=\"summary_large_image\" \/>\n<meta name=\"twitter:site\" content=\"@cidai_eu\" \/>\n<meta name=\"twitter:label1\" content=\"Tiempo de lectura\" \/>\n\t<meta name=\"twitter:data1\" content=\"2 minutos\" \/>\n<script type=\"application\/ld+json\" class=\"yoast-schema-graph\">{\"@context\":\"https:\\\/\\\/schema.org\",\"@graph\":[{\"@type\":\"WebPage\",\"@id\":\"https:\\\/\\\/cidai.eu\\\/es\\\/eventos\\\/presentacion-del-libro-blanco-de-la-ia-aplicada-a-la-logistica-en-cataluna\\\/\",\"url\":\"https:\\\/\\\/cidai.eu\\\/es\\\/eventos\\\/presentacion-del-libro-blanco-de-la-ia-aplicada-a-la-logistica-en-cataluna\\\/\",\"name\":\"Presentaci\u00f3n del Libro Blanco sobre la IA aplicada al sector de la Log\u00edstica en Catalu\u00f1a - CIDAI\",\"isPartOf\":{\"@id\":\"https:\\\/\\\/cidai.eu\\\/#website\"},\"primaryImageOfPage\":{\"@id\":\"https:\\\/\\\/cidai.eu\\\/es\\\/eventos\\\/presentacion-del-libro-blanco-de-la-ia-aplicada-a-la-logistica-en-cataluna\\\/#primaryimage\"},\"image\":{\"@id\":\"https:\\\/\\\/cidai.eu\\\/es\\\/eventos\\\/presentacion-del-libro-blanco-de-la-ia-aplicada-a-la-logistica-en-cataluna\\\/#primaryimage\"},\"thumbnailUrl\":\"https:\\\/\\\/cidai.eu\\\/wp-content\\\/uploads\\\/2026\\\/01\\\/Llibre-Blanc-Industria-WEB.jpg\",\"datePublished\":\"2026-01-14T15:31:16+00:00\",\"dateModified\":\"2026-04-15T09:25:10+00:00\",\"breadcrumb\":{\"@id\":\"https:\\\/\\\/cidai.eu\\\/es\\\/eventos\\\/presentacion-del-libro-blanco-de-la-ia-aplicada-a-la-logistica-en-cataluna\\\/#breadcrumb\"},\"inLanguage\":\"es\",\"potentialAction\":[{\"@type\":\"ReadAction\",\"target\":[\"https:\\\/\\\/cidai.eu\\\/es\\\/eventos\\\/presentacion-del-libro-blanco-de-la-ia-aplicada-a-la-logistica-en-cataluna\\\/\"]}]},{\"@type\":\"ImageObject\",\"inLanguage\":\"es\",\"@id\":\"https:\\\/\\\/cidai.eu\\\/es\\\/eventos\\\/presentacion-del-libro-blanco-de-la-ia-aplicada-a-la-logistica-en-cataluna\\\/#primaryimage\",\"url\":\"https:\\\/\\\/cidai.eu\\\/wp-content\\\/uploads\\\/2026\\\/01\\\/Llibre-Blanc-Industria-WEB.jpg\",\"contentUrl\":\"https:\\\/\\\/cidai.eu\\\/wp-content\\\/uploads\\\/2026\\\/01\\\/Llibre-Blanc-Industria-WEB.jpg\",\"width\":1194,\"height\":709},{\"@type\":\"BreadcrumbList\",\"@id\":\"https:\\\/\\\/cidai.eu\\\/es\\\/eventos\\\/presentacion-del-libro-blanco-de-la-ia-aplicada-a-la-logistica-en-cataluna\\\/#breadcrumb\",\"itemListElement\":[{\"@type\":\"ListItem\",\"position\":1,\"name\":\"Inicio\",\"item\":\"https:\\\/\\\/cidai.eu\\\/\"},{\"@type\":\"ListItem\",\"position\":2,\"name\":\"Presentaci\u00f3n del Libro Blanco sobre la IA aplicada al sector de la Log\u00edstica en Catalu\u00f1a\"}]},{\"@type\":\"WebSite\",\"@id\":\"https:\\\/\\\/cidai.eu\\\/#website\",\"url\":\"https:\\\/\\\/cidai.eu\\\/\",\"name\":\"CIDAI\",\"description\":\"el Centre d\u2019Innovaci\u00f3 en IA i Tecnologies de Dades\",\"publisher\":{\"@id\":\"https:\\\/\\\/cidai.eu\\\/#organization\"},\"potentialAction\":[{\"@type\":\"SearchAction\",\"target\":{\"@type\":\"EntryPoint\",\"urlTemplate\":\"https:\\\/\\\/cidai.eu\\\/?s={search_term_string}\"},\"query-input\":{\"@type\":\"PropertyValueSpecification\",\"valueRequired\":true,\"valueName\":\"search_term_string\"}}],\"inLanguage\":\"es\"},{\"@type\":\"Organization\",\"@id\":\"https:\\\/\\\/cidai.eu\\\/#organization\",\"name\":\"CIDAI\",\"url\":\"https:\\\/\\\/cidai.eu\\\/\",\"logo\":{\"@type\":\"ImageObject\",\"inLanguage\":\"es\",\"@id\":\"https:\\\/\\\/cidai.eu\\\/#\\\/schema\\\/logo\\\/image\\\/\",\"url\":\"https:\\\/\\\/cidai.eu\\\/wp-content\\\/uploads\\\/2025\\\/02\\\/CIDAI-header.png\",\"contentUrl\":\"https:\\\/\\\/cidai.eu\\\/wp-content\\\/uploads\\\/2025\\\/02\\\/CIDAI-header.png\",\"width\":385,\"height\":78,\"caption\":\"CIDAI\"},\"image\":{\"@id\":\"https:\\\/\\\/cidai.eu\\\/#\\\/schema\\\/logo\\\/image\\\/\"},\"sameAs\":[\"https:\\\/\\\/x.com\\\/cidai_eu\",\"https:\\\/\\\/www.linkedin.com\\\/company\\\/cidai\\\/posts\\\/?feedView=all\"]}]}<\/script>\n<!-- \/ Yoast SEO plugin. -->","yoast_head_json":{"title":"Presentaci\u00f3n del Libro Blanco sobre la IA aplicada al sector de la Log\u00edstica en Catalu\u00f1a - CIDAI","robots":{"index":"index","follow":"follow","max-snippet":"max-snippet:-1","max-image-preview":"max-image-preview:large","max-video-preview":"max-video-preview:-1"},"canonical":"https:\/\/cidai.eu\/es\/eventos\/presentacion-del-libro-blanco-de-la-ia-aplicada-a-la-logistica-en-cataluna\/","og_locale":"es_ES","og_type":"article","og_title":"Presentaci\u00f3n del Libro Blanco sobre la IA aplicada al sector de la Log\u00edstica en Catalu\u00f1a - CIDAI","og_description":"El sector de la log\u00edstica es hoy un \u00e1mbito estrat\u00e9gico para la econom\u00eda y la competitividad empresarial. En Catalu\u00f1a, con un peso cercano al 11% [...]","og_url":"https:\/\/cidai.eu\/es\/eventos\/presentacion-del-libro-blanco-de-la-ia-aplicada-a-la-logistica-en-cataluna\/","og_site_name":"CIDAI","article_modified_time":"2026-04-15T09:25:10+00:00","og_image":[{"width":1194,"height":709,"url":"https:\/\/cidai.eu\/wp-content\/uploads\/2026\/01\/Llibre-Blanc-Industria-WEB.jpg","type":"image\/jpeg"}],"twitter_card":"summary_large_image","twitter_site":"@cidai_eu","twitter_misc":{"Tiempo de lectura":"2 minutos"},"schema":{"@context":"https:\/\/schema.org","@graph":[{"@type":"WebPage","@id":"https:\/\/cidai.eu\/es\/eventos\/presentacion-del-libro-blanco-de-la-ia-aplicada-a-la-logistica-en-cataluna\/","url":"https:\/\/cidai.eu\/es\/eventos\/presentacion-del-libro-blanco-de-la-ia-aplicada-a-la-logistica-en-cataluna\/","name":"Presentaci\u00f3n del Libro Blanco sobre la IA aplicada al sector de la Log\u00edstica en Catalu\u00f1a - CIDAI","isPartOf":{"@id":"https:\/\/cidai.eu\/#website"},"primaryImageOfPage":{"@id":"https:\/\/cidai.eu\/es\/eventos\/presentacion-del-libro-blanco-de-la-ia-aplicada-a-la-logistica-en-cataluna\/#primaryimage"},"image":{"@id":"https:\/\/cidai.eu\/es\/eventos\/presentacion-del-libro-blanco-de-la-ia-aplicada-a-la-logistica-en-cataluna\/#primaryimage"},"thumbnailUrl":"https:\/\/cidai.eu\/wp-content\/uploads\/2026\/01\/Llibre-Blanc-Industria-WEB.jpg","datePublished":"2026-01-14T15:31:16+00:00","dateModified":"2026-04-15T09:25:10+00:00","breadcrumb":{"@id":"https:\/\/cidai.eu\/es\/eventos\/presentacion-del-libro-blanco-de-la-ia-aplicada-a-la-logistica-en-cataluna\/#breadcrumb"},"inLanguage":"es","potentialAction":[{"@type":"ReadAction","target":["https:\/\/cidai.eu\/es\/eventos\/presentacion-del-libro-blanco-de-la-ia-aplicada-a-la-logistica-en-cataluna\/"]}]},{"@type":"ImageObject","inLanguage":"es","@id":"https:\/\/cidai.eu\/es\/eventos\/presentacion-del-libro-blanco-de-la-ia-aplicada-a-la-logistica-en-cataluna\/#primaryimage","url":"https:\/\/cidai.eu\/wp-content\/uploads\/2026\/01\/Llibre-Blanc-Industria-WEB.jpg","contentUrl":"https:\/\/cidai.eu\/wp-content\/uploads\/2026\/01\/Llibre-Blanc-Industria-WEB.jpg","width":1194,"height":709},{"@type":"BreadcrumbList","@id":"https:\/\/cidai.eu\/es\/eventos\/presentacion-del-libro-blanco-de-la-ia-aplicada-a-la-logistica-en-cataluna\/#breadcrumb","itemListElement":[{"@type":"ListItem","position":1,"name":"Inicio","item":"https:\/\/cidai.eu\/"},{"@type":"ListItem","position":2,"name":"Presentaci\u00f3n del Libro Blanco sobre la IA aplicada al sector de la Log\u00edstica en Catalu\u00f1a"}]},{"@type":"WebSite","@id":"https:\/\/cidai.eu\/#website","url":"https:\/\/cidai.eu\/","name":"CIDAI","description":"el Centre d\u2019Innovaci\u00f3 en IA i Tecnologies de Dades","publisher":{"@id":"https:\/\/cidai.eu\/#organization"},"potentialAction":[{"@type":"SearchAction","target":{"@type":"EntryPoint","urlTemplate":"https:\/\/cidai.eu\/?s={search_term_string}"},"query-input":{"@type":"PropertyValueSpecification","valueRequired":true,"valueName":"search_term_string"}}],"inLanguage":"es"},{"@type":"Organization","@id":"https:\/\/cidai.eu\/#organization","name":"CIDAI","url":"https:\/\/cidai.eu\/","logo":{"@type":"ImageObject","inLanguage":"es","@id":"https:\/\/cidai.eu\/#\/schema\/logo\/image\/","url":"https:\/\/cidai.eu\/wp-content\/uploads\/2025\/02\/CIDAI-header.png","contentUrl":"https:\/\/cidai.eu\/wp-content\/uploads\/2025\/02\/CIDAI-header.png","width":385,"height":78,"caption":"CIDAI"},"image":{"@id":"https:\/\/cidai.eu\/#\/schema\/logo\/image\/"},"sameAs":["https:\/\/x.com\/cidai_eu","https:\/\/www.linkedin.com\/company\/cidai\/posts\/?feedView=all"]}]}},"_links":{"self":[{"href":"https:\/\/cidai.eu\/es\/wp-json\/wp\/v2\/esdeveniment\/9855","targetHints":{"allow":["GET"]}}],"collection":[{"href":"https:\/\/cidai.eu\/es\/wp-json\/wp\/v2\/esdeveniment"}],"about":[{"href":"https:\/\/cidai.eu\/es\/wp-json\/wp\/v2\/types\/esdeveniment"}],"version-history":[{"count":12,"href":"https:\/\/cidai.eu\/es\/wp-json\/wp\/v2\/esdeveniment\/9855\/revisions"}],"predecessor-version":[{"id":10149,"href":"https:\/\/cidai.eu\/es\/wp-json\/wp\/v2\/esdeveniment\/9855\/revisions\/10149"}],"wp:featuredmedia":[{"embeddable":true,"href":"https:\/\/cidai.eu\/es\/wp-json\/wp\/v2\/media\/9839"}],"wp:attachment":[{"href":"https:\/\/cidai.eu\/es\/wp-json\/wp\/v2\/media?parent=9855"}],"curies":[{"name":"wp","href":"https:\/\/api.w.org\/{rel}","templated":true}]}}